{"version":"1.0","provider_name":"Suomen Elintarvikety\u00f6l\u00e4isten Liitto SEL","provider_url":"https:\/\/www.selry.fi\/sv\/","author_name":"Karoliina \u00d6ystil\u00e4","author_url":"https:\/\/www.selry.fi\/sv\/author\/karoliina-oystila\/","title":"Petri Koivisto blir SEL:s regionsekreterare i \u00d6sterbotten","type":"rich","width":600,"height":338,"html":"<blockquote class=\"wp-embedded-content\" data-secret=\"CXka6yRtHt\"><a href=\"https:\/\/www.selry.fi\/sv\/nyheter\/petri-koivisto-blir-sels-regionsekreterare-i-osterbotten\/\">Petri Koivisto blir SEL:s regionsekreterare i \u00d6sterbotten<\/a><\/blockquote><iframe sandbox=\"allow-scripts\" security=\"restricted\" src=\"https:\/\/www.selry.fi\/sv\/nyheter\/petri-koivisto-blir-sels-regionsekreterare-i-osterbotten\/embed\/#?secret=CXka6yRtHt\" width=\"600\" height=\"338\" title=\"\u201dPetri Koivisto blir SEL:s regionsekreterare i \u00d6sterbotten\u201d &ndash; Suomen Elintarvikety\u00f6l\u00e4isten Liitto SEL\" data-secret=\"CXka6yRtHt\" frameborder=\"0\" marginwidth=\"0\" marginheight=\"0\" scrolling=\"no\" class=\"wp-embedded-content\"><\/iframe><script type=\"text\/javascript\">\n\/* <![CDATA[ *\/\n\/*! This file is auto-generated *\/\n!function(d,l){\"use strict\";l.querySelector&&d.addEventListener&&\"undefined\"!=typeof URL&&(d.wp=d.wp||{},d.wp.receiveEmbedMessage||(d.wp.receiveEmbedMessage=function(e){var t=e.data;if((t||t.secret||t.message||t.value)&&!\/[^a-zA-Z0-9]\/.test(t.secret)){for(var s,r,n,a=l.querySelectorAll('iframe[data-secret=\"'+t.secret+'\"]'),o=l.querySelectorAll('blockquote[data-secret=\"'+t.secret+'\"]'),c=new RegExp(\"^https?:$\",\"i\"),i=0;i<o.length;i++)o[i].style.display=\"none\";for(i=0;i<a.length;i++)s=a[i],e.source===s.contentWindow&&(s.removeAttribute(\"style\"),\"height\"===t.message?(1e3<(r=parseInt(t.value,10))?r=1e3:~~r<200&&(r=200),s.height=r):\"link\"===t.message&&(r=new URL(s.getAttribute(\"src\")),n=new URL(t.value),c.test(n.protocol))&&n.host===r.host&&l.activeElement===s&&(d.top.location.href=t.value))}},d.addEventListener(\"message\",d.wp.receiveEmbedMessage,!1),l.addEventListener(\"DOMContentLoaded\",function(){for(var e,t,s=l.querySelectorAll(\"iframe.wp-embedded-content\"),r=0;r<s.length;r++)(t=(e=s[r]).getAttribute(\"data-secret\"))||(t=Math.random().toString(36).substring(2,12),e.src+=\"#?secret=\"+t,e.setAttribute(\"data-secret\",t)),e.contentWindow.postMessage({message:\"ready\",secret:t},\"*\")},!1)))}(window,document);\n\/\/# sourceURL=https:\/\/www.selry.fi\/wp-includes\/js\/wp-embed.min.js\n\/* ]]> *\/\n<\/script>\n","thumbnail_url":"https:\/\/www.selry.fi\/wp-content\/uploads\/2022\/10\/koivisto-petri-kuva-taru-salovaara.jpg","thumbnail_width":1772,"thumbnail_height":1285,"description":"Petri Koivisto tilltr\u00e4der i augusti som SEL:s regionsekreterare i \u00d6sterbotten, som ers\u00e4ttare f\u00f6r Markus Forslund som utsetts till l\u00f6nesekreterare. SEL:s [\u2026] Lue lis\u00e4\u00e4 &raquo;"}